{"id":13982,"date":"2022-07-19T11:19:11","date_gmt":"2022-07-19T16:19:11","guid":{"rendered":"https:\/\/www.nashgroup.com\/biblioteca\/"},"modified":"2022-08-13T19:17:00","modified_gmt":"2022-08-14T00:17:00","slug":"biblioteca","status":"publish","type":"page","link":"https:\/\/www.nashgroup.com\/es\/biblioteca\/","title":{"rendered":"biblioteca"},"content":{"rendered":"\n<h2 class=\"has-text-color wp-block-heading\" style=\"color:#3c4774\">Despl\u00e1cese para ver nuestros seminarios web educativos grabados anteriormente.<\/h2>\n\n<div style=\"height:30px\" aria-hidden=\"true\" class=\"wp-block-spacer\"><\/div>\n\n<div class=\"wp-block-columns is-layout-flex wp-container-core-columns-is-layout-9d6595d7 wp-block-columns-is-layout-flex\">\n<div class=\"wp-block-column is-vertically-aligned-center is-layout-flow wp-block-column-is-layout-flow\" style=\"flex-basis:66.66%\">\n<figure class=\"wp-block-embed is-type-video is-provider-vimeo wp-block-embed-vimeo wp-embed-aspect-16-9 wp-has-aspect-ratio\"><div class=\"wp-block-embed__wrapper\">\n<iframe loading=\"lazy\" src=\"https:\/\/player.vimeo.com\/video\/243012294?h=dcd8703bbc&amp;dnt=1&amp;app_id=122963\" width=\"800\" height=\"450\" frameborder=\"0\" allow=\"autoplay; fullscreen; picture-in-picture\" allowfullscreen><\/iframe>\n<\/div><\/figure>\n<\/div>\n\n\n\n<div class=\"wp-block-column is-layout-flow wp-block-column-is-layout-flow\" style=\"flex-basis:33.33%\">\n<h3 class=\"has-text-color wp-block-heading\" style=\"color:#f56e47\">Presupuestos: Eliminando los HPPD y la CAD de la ecuaci\u00f3n<\/h3>\n\n\n\n<p>\u00bfSu hospital sigue asignando recursos laborales bas\u00e1ndose en hip\u00f3tesis incorrectas sobre el censo y los ingresos? La planificaci\u00f3n de los presupuestos de mano de obra en ADC y HPPD no refleja los recursos que necesita la unidad a lo largo del a\u00f1o presupuestario.<\/p>\n<\/div>\n<\/div>\n\n<div style=\"height:30px\" aria-hidden=\"true\" class=\"wp-block-spacer\"><\/div>\n\n<div class=\"wp-block-columns has-background is-layout-flex wp-container-core-columns-is-layout-9d6595d7 wp-block-columns-is-layout-flex\" style=\"background-color:#f8f9f9\">\n<div class=\"wp-block-column is-layout-flow wp-block-column-is-layout-flow\" style=\"flex-basis:33.33%\">\n<h3 class=\"has-text-color wp-block-heading\" style=\"color:#f56e47\">ED: Mejora de las operaciones<\/h3>\n\n\n\n<p>\u00bfSigue su servicio de urgencias plagado de retrasos, pacientes frustrados, problemas de personal y aumento de costes? La mejora del flujo de pacientes y de la dotaci\u00f3n de personal requiere un cambio en la planificaci\u00f3n del personal, pasando de las horas por visita a las necesidades reales de los pacientes en funci\u00f3n de los niveles de ESI.<\/p>\n<\/div>\n\n\n\n<div class=\"wp-block-column is-vertically-aligned-center is-layout-flow wp-block-column-is-layout-flow\" style=\"flex-basis:66.66%\">\n<figure class=\"wp-block-embed is-type-video is-provider-vimeo wp-block-embed-vimeo wp-embed-aspect-16-9 wp-has-aspect-ratio\"><div class=\"wp-block-embed__wrapper\">\n<iframe loading=\"lazy\" src=\"https:\/\/player.vimeo.com\/video\/243016433?h=c63061138b&amp;dnt=1&amp;app_id=122963\" width=\"800\" height=\"450\" frameborder=\"0\" allow=\"autoplay; fullscreen; picture-in-picture\" allowfullscreen><\/iframe>\n<\/div><\/figure>\n<\/div>\n<\/div>\n\n<div style=\"height:30px\" aria-hidden=\"true\" class=\"wp-block-spacer\"><\/div>\n\n<div class=\"wp-block-columns is-layout-flex wp-container-core-columns-is-layout-9d6595d7 wp-block-columns-is-layout-flex\">\n<div class=\"wp-block-column is-vertically-aligned-center is-layout-flow wp-block-column-is-layout-flow\" style=\"flex-basis:66.66%\">\n<figure class=\"wp-block-embed is-type-video is-provider-vimeo wp-block-embed-vimeo wp-embed-aspect-16-9 wp-has-aspect-ratio\"><div class=\"wp-block-embed__wrapper\">\n<iframe loading=\"lazy\" src=\"https:\/\/player.vimeo.com\/video\/243017512?h=bfa5447124&amp;dnt=1&amp;app_id=122963\" width=\"800\" height=\"450\" frameborder=\"0\" allow=\"autoplay; fullscreen; picture-in-picture\" allowfullscreen><\/iframe>\n<\/div><\/figure>\n<\/div>\n\n\n\n<div class=\"wp-block-column is-layout-flow wp-block-column-is-layout-flow\" style=\"flex-basis:33.33%\">\n<h3 class=\"has-text-color wp-block-heading\" style=\"color:#f56e47\">L&amp;D: M\u00e9tricas inadecuadas<\/h3>\n\n\n\n<p>\u00bfSu hospital sigue utilizando m\u00e9tricas de horas de atenci\u00f3n inadecuadas y enga\u00f1osas en su divisi\u00f3n de partos? Las necesidades de mano de obra de L&amp;D est\u00e1n impulsadas por asignaciones oportunas que abordan la complejidad de la atenci\u00f3n y la necesidad de estar preparados para la acci\u00f3n.<\/p>\n<\/div>\n<\/div>\n\n<div style=\"height:30px\" aria-hidden=\"true\" class=\"wp-block-spacer\"><\/div>\n\n<div class=\"wp-block-columns has-background is-layout-flex wp-container-core-columns-is-layout-9d6595d7 wp-block-columns-is-layout-flex\" style=\"background-color:#f8f9f9\">\n<div class=\"wp-block-column is-layout-flow wp-block-column-is-layout-flow\" style=\"flex-basis:33.33%\">\n<h3 class=\"has-text-color wp-block-heading\" style=\"color:#f56e47\">Pr\u00e1cticas de contrataci\u00f3n: Impacto organizativo<\/h3>\n\n\n\n<p>\u00bfLas actuales pr\u00e1cticas de contrataci\u00f3n obligan a los departamentos a funcionar con personal inadecuado, adem\u00e1s de pagar una prima importante? La contrataci\u00f3n trimestral activa reduce el uso de vacantes y de primas. Por su parte, las proyecciones de mano de obra completa frente a la flexible proporcionan pr\u00e1cticas de dotaci\u00f3n de personal consistentes que satisfacen las operaciones estacionales y se ajustan al mercado laboral.<\/p>\n<\/div>\n\n\n\n<div class=\"wp-block-column is-vertically-aligned-center is-layout-flow wp-block-column-is-layout-flow\" style=\"flex-basis:66.66%\">\n<figure class=\"wp-block-embed is-type-video is-provider-vimeo wp-block-embed-vimeo wp-embed-aspect-16-9 wp-has-aspect-ratio\"><div class=\"wp-block-embed__wrapper\">\n<iframe loading=\"lazy\" src=\"https:\/\/player.vimeo.com\/video\/243018485?h=c58093117d&amp;dnt=1&amp;app_id=122963\" width=\"800\" height=\"450\" frameborder=\"0\" allow=\"autoplay; fullscreen; picture-in-picture\" allowfullscreen><\/iframe>\n<\/div><\/figure>\n<\/div>\n<\/div>\n\n<div style=\"height:30px\" aria-hidden=\"true\" class=\"wp-block-spacer\"><\/div>\n\n<div class=\"wp-block-columns is-layout-flex wp-container-core-columns-is-layout-9d6595d7 wp-block-columns-is-layout-flex\">\n<div class=\"wp-block-column is-vertically-aligned-center is-layout-flow wp-block-column-is-layout-flow\" style=\"flex-basis:66.66%\">\n<figure class=\"wp-block-embed is-type-video is-provider-vimeo wp-block-embed-vimeo wp-embed-aspect-16-9 wp-has-aspect-ratio\"><div class=\"wp-block-embed__wrapper\">\n<iframe loading=\"lazy\" src=\"https:\/\/player.vimeo.com\/video\/243020336?h=6b1d5f6708&amp;dnt=1&amp;app_id=122963\" width=\"800\" height=\"450\" frameborder=\"0\" allow=\"autoplay; fullscreen; picture-in-picture\" allowfullscreen><\/iframe>\n<\/div><\/figure>\n<\/div>\n\n\n\n<div class=\"wp-block-column is-layout-flow wp-block-column-is-layout-flow\" style=\"flex-basis:33.33%\">\n<h3 class=\"has-text-color wp-block-heading\" style=\"color:#f56e47\">Seguimiento de la agudeza y de las asignaciones modificadas<\/h3>\n\n\n\n<p>\u00bfSu hospital est\u00e1 invirtiendo capital y tiempo en controlar la agudeza s\u00f3lo para seguir teniendo dificultades financieras y de gesti\u00f3n de la plantilla? La agudeza determina las caracter\u00edsticas de los cuidados que pueden afectar a las asignaciones y crear una relaci\u00f3n entre los cuidadores y la complejidad de los cuidados.<\/p>\n<\/div>\n<\/div>\n\n<div style=\"height:30px\" aria-hidden=\"true\" class=\"wp-block-spacer\"><\/div>\n\n<div class=\"wp-block-columns has-background is-layout-flex wp-container-core-columns-is-layout-9d6595d7 wp-block-columns-is-layout-flex\" style=\"background-color:#f8f9f9\">\n<div class=\"wp-block-column is-layout-flow wp-block-column-is-layout-flow\" style=\"flex-basis:33.33%\">\n<h3 class=\"has-text-color wp-block-heading\" style=\"color:#f56e47\">No m\u00e1s HPPDs<\/h3>\n\n\n\n<p>El coste de la mano de obra de los hospitales s\u00f3lo puede controlarse si se retiran 5 d\u00e9cadas de planificaci\u00f3n financiera de la mano de obra infructuosa y de evaluaci\u00f3n comparativa impulsada por las horas de atenci\u00f3n. Un solo paciente es la diferencia entre el rendimiento de un cuartil superior y uno inferior. Las operaciones cl\u00ednicas deben ser impulsadas por la asignaci\u00f3n completa de pacientes.<\/p>\n<\/div>\n\n\n\n<div class=\"wp-block-column is-vertically-aligned-center is-layout-flow wp-block-column-is-layout-flow\" style=\"flex-basis:66.66%\">\n<figure class=\"wp-block-embed is-type-video is-provider-vimeo wp-block-embed-vimeo wp-embed-aspect-16-9 wp-has-aspect-ratio\"><div class=\"wp-block-embed__wrapper\">\n<iframe loading=\"lazy\" src=\"https:\/\/player.vimeo.com\/video\/243021085?h=ebfec6077c&amp;dnt=1&amp;app_id=122963\" width=\"800\" height=\"450\" frameborder=\"0\" allow=\"autoplay; fullscreen; picture-in-picture\" allowfullscreen><\/iframe>\n<\/div><\/figure>\n<\/div>\n<\/div>\n\n<div style=\"height:30px\" aria-hidden=\"true\" class=\"wp-block-spacer\"><\/div>\n\n<div class=\"wp-block-columns is-layout-flex wp-container-core-columns-is-layout-9d6595d7 wp-block-columns-is-layout-flex\">\n<div class=\"wp-block-column is-vertically-aligned-center is-layout-flow wp-block-column-is-layout-flow\" style=\"flex-basis:66.66%\">\n<figure class=\"wp-block-embed is-type-video is-provider-vimeo wp-block-embed-vimeo wp-embed-aspect-16-9 wp-has-aspect-ratio\"><div class=\"wp-block-embed__wrapper\">\n<iframe loading=\"lazy\" src=\"https:\/\/player.vimeo.com\/video\/258990547?h=5893e95ffa&amp;dnt=1&amp;app_id=122963\" width=\"800\" height=\"450\" frameborder=\"0\" allow=\"autoplay; fullscreen; picture-in-picture\" allowfullscreen><\/iframe>\n<\/div><\/figure>\n<\/div>\n\n\n\n<div class=\"wp-block-column is-layout-flow wp-block-column-is-layout-flow\" style=\"flex-basis:33.33%\">\n<h3 class=\"has-text-color wp-block-heading\" style=\"color:#f56e47\">Planificaci\u00f3n y programaci\u00f3n de lo previsto<\/h3>\n\n\n\n<p>\u00bfLa dotaci\u00f3n de personal es una crisis diaria? La dotaci\u00f3n de personal es algo m\u00e1s que la programaci\u00f3n. Averig\u00fce lo que se necesita de los planes de presupuesto, de personal y de contingencia para garantizar la dotaci\u00f3n \u00f3ptima de personal cada d\u00eda.<\/p>\n<\/div>\n<\/div>\n\n<div style=\"height:30px\" aria-hidden=\"true\" class=\"wp-block-spacer\"><\/div>\n\n<div class=\"wp-block-columns has-background is-layout-flex wp-container-core-columns-is-layout-9d6595d7 wp-block-columns-is-layout-flex\" style=\"background-color:#f8f9f9\">\n<div class=\"wp-block-column is-layout-flow wp-block-column-is-layout-flow\" style=\"flex-basis:33.33%\">\n<h3 class=\"has-text-color wp-block-heading\" style=\"color:#f56e47\">\u00bfLe compensa incluir a las ni\u00f1eras en su presupuesto?<\/h3>\n\n\n\n<p>\u00bfSu hospital utiliza un n\u00famero excesivo de horas de guarder\u00eda para satisfacer las necesidades imprevistas de los pacientes? El uso de una persona no planificada para vigilar a un paciente suele interrumpir la dotaci\u00f3n de personal de la unidad. Descubra c\u00f3mo anticiparse y asegurar el personal en funci\u00f3n de las cargas de trabajo modificadas.<\/p>\n<\/div>\n\n\n\n<div class=\"wp-block-column is-vertically-aligned-center is-layout-flow wp-block-column-is-layout-flow\" style=\"flex-basis:66.66%\">\n<figure class=\"wp-block-embed is-type-video is-provider-vimeo wp-block-embed-vimeo wp-embed-aspect-16-9 wp-has-aspect-ratio\"><div class=\"wp-block-embed__wrapper\">\n<iframe loading=\"lazy\" src=\"https:\/\/player.vimeo.com\/video\/262291292?h=615864ebc5&amp;dnt=1&amp;app_id=122963\" width=\"800\" height=\"450\" frameborder=\"0\" allow=\"autoplay; fullscreen; picture-in-picture\" allowfullscreen><\/iframe>\n<\/div><\/figure>\n<\/div>\n<\/div>\n\n<div style=\"height:30px\" aria-hidden=\"true\" class=\"wp-block-spacer\"><\/div>\n\n<div class=\"wp-block-columns is-layout-flex wp-container-core-columns-is-layout-9d6595d7 wp-block-columns-is-layout-flex\">\n<div class=\"wp-block-column is-vertically-aligned-center is-layout-flow wp-block-column-is-layout-flow\" style=\"flex-basis:66.66%\">\n<figure class=\"wp-block-embed is-type-video is-provider-vimeo wp-block-embed-vimeo wp-embed-aspect-16-9 wp-has-aspect-ratio\"><div class=\"wp-block-embed__wrapper\">\n<iframe loading=\"lazy\" src=\"https:\/\/player.vimeo.com\/video\/266401305?h=2f06e4d762&amp;dnt=1&amp;app_id=122963\" width=\"800\" height=\"450\" frameborder=\"0\" allow=\"autoplay; fullscreen; picture-in-picture\" allowfullscreen><\/iframe>\n<\/div><\/figure>\n<\/div>\n\n\n\n<div class=\"wp-block-column is-layout-flow wp-block-column-is-layout-flow\" style=\"flex-basis:33.33%\">\n<h3 class=\"has-text-color wp-block-heading\" style=\"color:#f56e47\">Evaluaci\u00f3n comparativa a nivel ejecutivo<\/h3>\n\n\n\n<p>Hay muchas herramientas de evaluaci\u00f3n comparativa en la sanidad, pero \u00bfqu\u00e9 le dicen realmente? Hay cinco par\u00e1metros que un ejecutivo necesita para tomar decisiones operativas y financieras eficaces.<\/p>\n<\/div>\n<\/div>\n\n<div style=\"height:30px\" aria-hidden=\"true\" class=\"wp-block-spacer\"><\/div>\n\n<div class=\"wp-block-columns has-background is-layout-flex wp-container-core-columns-is-layout-9d6595d7 wp-block-columns-is-layout-flex\" style=\"background-color:#f8f9f9\">\n<div class=\"wp-block-column is-layout-flow wp-block-column-is-layout-flow\" style=\"flex-basis:33.33%\">\n<h3 class=\"has-text-color wp-block-heading\" style=\"color:#f56e47\">Los datos de I+D son fundamentales para la planificaci\u00f3n de la plantilla<\/h3>\n\n\n\n<p>\u00bfEl n\u00famero de partos al a\u00f1o sigue guiando los planes de dotaci\u00f3n de personal en su divisi\u00f3n Materno Infantil? El seguimiento detallado de la agudeza permite planificar el personal en funci\u00f3n de la complejidad de la atenci\u00f3n. Se puede elaborar un plan de dotaci\u00f3n de personal para apoyar las necesidades de personal b\u00e1sico y de contingencia.<\/p>\n<\/div>\n\n\n\n<div class=\"wp-block-column is-vertically-aligned-center is-layout-flow wp-block-column-is-layout-flow\" style=\"flex-basis:66.66%\">\n<figure class=\"wp-block-embed is-type-video is-provider-vimeo wp-block-embed-vimeo wp-embed-aspect-16-9 wp-has-aspect-ratio\"><div class=\"wp-block-embed__wrapper\">\n<iframe loading=\"lazy\" src=\"https:\/\/player.vimeo.com\/video\/272627479?h=a9671c948f&amp;dnt=1&amp;app_id=122963\" width=\"800\" height=\"450\" frameborder=\"0\" allow=\"autoplay; fullscreen; picture-in-picture\" allowfullscreen><\/iframe>\n<\/div><\/figure>\n<\/div>\n<\/div>\n\n<div style=\"height:30px\" aria-hidden=\"true\" class=\"wp-block-spacer\"><\/div>\n\n<div class=\"wp-block-columns is-layout-flex wp-container-core-columns-is-layout-9d6595d7 wp-block-columns-is-layout-flex\">\n<div class=\"wp-block-column is-vertically-aligned-center is-layout-flow wp-block-column-is-layout-flow\" style=\"flex-basis:66.66%\">\n<figure class=\"wp-block-embed is-type-video is-provider-vimeo wp-block-embed-vimeo wp-embed-aspect-16-9 wp-has-aspect-ratio\"><div class=\"wp-block-embed__wrapper\">\n<iframe loading=\"lazy\" src=\"https:\/\/player.vimeo.com\/video\/277307558?h=dd624a8b7c&amp;dnt=1&amp;app_id=122963\" width=\"800\" height=\"450\" frameborder=\"0\" allow=\"autoplay; fullscreen; picture-in-picture\" allowfullscreen><\/iframe>\n<\/div><\/figure>\n<\/div>\n\n\n\n<div class=\"wp-block-column is-layout-flow wp-block-column-is-layout-flow\" style=\"flex-basis:33.33%\">\n<h3 class=\"has-text-color wp-block-heading\" style=\"color:#f56e47\">Mejore el rendimiento con la gesti\u00f3n de servicios medioambientales<\/h3>\n\n\n\n<p>\u00bfSu organizaci\u00f3n experimenta retrasos en la colocaci\u00f3n de los pacientes debido a un departamento de servicios ambientales (SVE) desbordado? Aprenda a identificar los patrones de ADT de los pacientes y las operaciones del SVE a lo largo del d\u00eda para alinear la dotaci\u00f3n de personal del SVE con las demandas de rotaci\u00f3n de las habitaciones.<\/p>\n<\/div>\n<\/div>\n","protected":false},"excerpt":{"rendered":"<p>Despl\u00e1cese para ver nuestros seminarios web educativos grabados anteriormente. Presupuestos: Eliminando los HPPD y la CAD de la ecuaci\u00f3n \u00bfSu hospital sigue asignando recursos laborales bas\u00e1ndose en hip\u00f3tesis incorrectas sobre &#8230;<\/p>\n","protected":false},"author":1,"featured_media":0,"parent":0,"menu_order":0,"comment_status":"closed","ping_status":"closed","template":"","meta":{"footnotes":""},"class_list":["post-13982","page","type-page","status-publish","hentry"],"_links":{"self":[{"href":"https:\/\/www.nashgroup.com\/es\/wp-json\/wp\/v2\/pages\/13982","targetHints":{"allow":["GET"]}}],"collection":[{"href":"https:\/\/www.nashgroup.com\/es\/wp-json\/wp\/v2\/pages"}],"about":[{"href":"https:\/\/www.nashgroup.com\/es\/wp-json\/wp\/v2\/types\/page"}],"author":[{"embeddable":true,"href":"https:\/\/www.nashgroup.com\/es\/wp-json\/wp\/v2\/users\/1"}],"replies":[{"embeddable":true,"href":"https:\/\/www.nashgroup.com\/es\/wp-json\/wp\/v2\/comments?post=13982"}],"version-history":[{"count":1,"href":"https:\/\/www.nashgroup.com\/es\/wp-json\/wp\/v2\/pages\/13982\/revisions"}],"predecessor-version":[{"id":13983,"href":"https:\/\/www.nashgroup.com\/es\/wp-json\/wp\/v2\/pages\/13982\/revisions\/13983"}],"wp:attachment":[{"href":"https:\/\/www.nashgroup.com\/es\/wp-json\/wp\/v2\/media?parent=13982"}],"curies":[{"name":"wp","href":"https:\/\/api.w.org\/{rel}","templated":true}]}}