{"id":13980,"date":"2022-07-19T11:19:11","date_gmt":"2022-07-19T16:19:11","guid":{"rendered":"https:\/\/www.nashgroup.com\/biblioteca\/"},"modified":"2022-08-13T19:16:45","modified_gmt":"2022-08-14T00:16:45","slug":"biblioteca","status":"publish","type":"page","link":"https:\/\/www.nashgroup.com\/pt-br\/biblioteca\/","title":{"rendered":"biblioteca"},"content":{"rendered":"\n<h2 class=\"has-text-color wp-block-heading\" style=\"color:#3c4774\">Percorra para ver os nossos webinars educativos previamente registados!<\/h2>\n\n<div style=\"height:30px\" aria-hidden=\"true\" class=\"wp-block-spacer\"><\/div>\n\n<div class=\"wp-block-columns is-layout-flex wp-container-core-columns-is-layout-9d6595d7 wp-block-columns-is-layout-flex\">\n<div class=\"wp-block-column is-vertically-aligned-center is-layout-flow wp-block-column-is-layout-flow\" style=\"flex-basis:66.66%\">\n<figure class=\"wp-block-embed is-type-video is-provider-vimeo wp-block-embed-vimeo wp-embed-aspect-16-9 wp-has-aspect-ratio\"><div class=\"wp-block-embed__wrapper\">\n<iframe loading=\"lazy\" src=\"https:\/\/player.vimeo.com\/video\/243012294?h=dcd8703bbc&amp;dnt=1&amp;app_id=122963\" width=\"800\" height=\"450\" frameborder=\"0\" allow=\"autoplay; fullscreen; picture-in-picture\" allowfullscreen><\/iframe>\n<\/div><\/figure>\n<\/div>\n\n\n\n<div class=\"wp-block-column is-layout-flow wp-block-column-is-layout-flow\" style=\"flex-basis:33.33%\">\n<h3 class=\"has-text-color wp-block-heading\" style=\"color:#f56e47\">Or\u00e7amenta\u00e7\u00e3o: Retirar HPPDs e ADC da Equa\u00e7\u00e3o<\/h3>\n\n\n\n<p>O seu hospital ainda est\u00e1 a afectar recursos de m\u00e3o-de-obra com base em pressupostos incorrectos de recenseamento e receitas? O planeamento de or\u00e7amentos de trabalho em ADC e HPPDs n\u00e3o reflecte os recursos necess\u00e1rios \u00e0 unidade ao longo do ano or\u00e7amental.<\/p>\n<\/div>\n<\/div>\n\n<div style=\"height:30px\" aria-hidden=\"true\" class=\"wp-block-spacer\"><\/div>\n\n<div class=\"wp-block-columns has-background is-layout-flex wp-container-core-columns-is-layout-9d6595d7 wp-block-columns-is-layout-flex\" style=\"background-color:#f8f9f9\">\n<div class=\"wp-block-column is-layout-flow wp-block-column-is-layout-flow\" style=\"flex-basis:33.33%\">\n<h3 class=\"has-text-color wp-block-heading\" style=\"color:#f56e47\">ED: Melhoria das Opera\u00e7\u00f5es<\/h3>\n\n\n\n<p>O seu DE continua a ser afectado por atrasos, pacientes frustrados, problemas de pessoal e custos acrescidos? A melhoria do fluxo de pacientes e do pessoal requer uma mudan\u00e7a no planeamento da m\u00e3o-de-obra, afastando-se das horas por visita para as necessidades reais dos pacientes com base nos n\u00edveis de ESI.<\/p>\n<\/div>\n\n\n\n<div class=\"wp-block-column is-vertically-aligned-center is-layout-flow wp-block-column-is-layout-flow\" style=\"flex-basis:66.66%\">\n<figure class=\"wp-block-embed is-type-video is-provider-vimeo wp-block-embed-vimeo wp-embed-aspect-16-9 wp-has-aspect-ratio\"><div class=\"wp-block-embed__wrapper\">\n<iframe loading=\"lazy\" src=\"https:\/\/player.vimeo.com\/video\/243016433?h=c63061138b&amp;dnt=1&amp;app_id=122963\" width=\"800\" height=\"450\" frameborder=\"0\" allow=\"autoplay; fullscreen; picture-in-picture\" allowfullscreen><\/iframe>\n<\/div><\/figure>\n<\/div>\n<\/div>\n\n<div style=\"height:30px\" aria-hidden=\"true\" class=\"wp-block-spacer\"><\/div>\n\n<div class=\"wp-block-columns is-layout-flex wp-container-core-columns-is-layout-9d6595d7 wp-block-columns-is-layout-flex\">\n<div class=\"wp-block-column is-vertically-aligned-center is-layout-flow wp-block-column-is-layout-flow\" style=\"flex-basis:66.66%\">\n<figure class=\"wp-block-embed is-type-video is-provider-vimeo wp-block-embed-vimeo wp-embed-aspect-16-9 wp-has-aspect-ratio\"><div class=\"wp-block-embed__wrapper\">\n<iframe loading=\"lazy\" src=\"https:\/\/player.vimeo.com\/video\/243017512?h=bfa5447124&amp;dnt=1&amp;app_id=122963\" width=\"800\" height=\"450\" frameborder=\"0\" allow=\"autoplay; fullscreen; picture-in-picture\" allowfullscreen><\/iframe>\n<\/div><\/figure>\n<\/div>\n\n\n\n<div class=\"wp-block-column is-layout-flow wp-block-column-is-layout-flow\" style=\"flex-basis:33.33%\">\n<h3 class=\"has-text-color wp-block-heading\" style=\"color:#f56e47\">L&amp;D: M\u00e9tricas Inadequadas<\/h3>\n\n\n\n<p>O seu hospital continua a utilizar hor\u00e1rios de atendimento inadequados e enganosos na sua divis\u00e3o de Trabalho e Entrega? As necessidades de m\u00e3o-de-obra de L&amp;D s\u00e3o impulsionadas por tarefas atempadas que abordam a complexidade dos cuidados e a necessidade de estar pronto para a ac\u00e7\u00e3o.<\/p>\n<\/div>\n<\/div>\n\n<div style=\"height:30px\" aria-hidden=\"true\" class=\"wp-block-spacer\"><\/div>\n\n<div class=\"wp-block-columns has-background is-layout-flex wp-container-core-columns-is-layout-9d6595d7 wp-block-columns-is-layout-flex\" style=\"background-color:#f8f9f9\">\n<div class=\"wp-block-column is-layout-flow wp-block-column-is-layout-flow\" style=\"flex-basis:33.33%\">\n<h3 class=\"has-text-color wp-block-heading\" style=\"color:#f56e47\">Pr\u00e1ticas de Contrata\u00e7\u00e3o: Impacto Organizacional<\/h3>\n\n\n\n<p>As actuais pr\u00e1ticas de contrata\u00e7\u00e3o for\u00e7am os departamentos a operar com pessoal inadequado, para al\u00e9m de pagarem pr\u00e9mios significativos? O recrutamento trimestral activo reduz o n\u00famero de vagas e a utiliza\u00e7\u00e3o de pagamentos premium. Embora, as projec\u00e7\u00f5es de for\u00e7a de trabalho completas vs flex\u00edveis forne\u00e7am pr\u00e1ticas consistentes de pessoal que satisfazem as opera\u00e7\u00f5es sazonais e se ajustam ao mercado de trabalho.<\/p>\n<\/div>\n\n\n\n<div class=\"wp-block-column is-vertically-aligned-center is-layout-flow wp-block-column-is-layout-flow\" style=\"flex-basis:66.66%\">\n<figure class=\"wp-block-embed is-type-video is-provider-vimeo wp-block-embed-vimeo wp-embed-aspect-16-9 wp-has-aspect-ratio\"><div class=\"wp-block-embed__wrapper\">\n<iframe loading=\"lazy\" src=\"https:\/\/player.vimeo.com\/video\/243018485?h=c58093117d&amp;dnt=1&amp;app_id=122963\" width=\"800\" height=\"450\" frameborder=\"0\" allow=\"autoplay; fullscreen; picture-in-picture\" allowfullscreen><\/iframe>\n<\/div><\/figure>\n<\/div>\n<\/div>\n\n<div style=\"height:30px\" aria-hidden=\"true\" class=\"wp-block-spacer\"><\/div>\n\n<div class=\"wp-block-columns is-layout-flex wp-container-core-columns-is-layout-9d6595d7 wp-block-columns-is-layout-flex\">\n<div class=\"wp-block-column is-vertically-aligned-center is-layout-flow wp-block-column-is-layout-flow\" style=\"flex-basis:66.66%\">\n<figure class=\"wp-block-embed is-type-video is-provider-vimeo wp-block-embed-vimeo wp-embed-aspect-16-9 wp-has-aspect-ratio\"><div class=\"wp-block-embed__wrapper\">\n<iframe loading=\"lazy\" src=\"https:\/\/player.vimeo.com\/video\/243020336?h=6b1d5f6708&amp;dnt=1&amp;app_id=122963\" width=\"800\" height=\"450\" frameborder=\"0\" allow=\"autoplay; fullscreen; picture-in-picture\" allowfullscreen><\/iframe>\n<\/div><\/figure>\n<\/div>\n\n\n\n<div class=\"wp-block-column is-layout-flow wp-block-column-is-layout-flow\" style=\"flex-basis:33.33%\">\n<h3 class=\"has-text-color wp-block-heading\" style=\"color:#f56e47\">Monitoriza\u00e7\u00e3o de Acuity &amp; Modified Assignments<\/h3>\n\n\n\n<p>O seu hospital est\u00e1 a investir capital e tempo de monitoriza\u00e7\u00e3o s\u00f3 para continuar a ter dificuldades financeiras e de gest\u00e3o de m\u00e3o-de-obra? A acuidade determina as caracter\u00edsticas dos cuidados que podem afectar as tarefas e criar uma rela\u00e7\u00e3o entre os prestadores de cuidados e a complexidade dos cuidados.<\/p>\n<\/div>\n<\/div>\n\n<div style=\"height:30px\" aria-hidden=\"true\" class=\"wp-block-spacer\"><\/div>\n\n<div class=\"wp-block-columns has-background is-layout-flex wp-container-core-columns-is-layout-9d6595d7 wp-block-columns-is-layout-flex\" style=\"background-color:#f8f9f9\">\n<div class=\"wp-block-column is-layout-flow wp-block-column-is-layout-flow\" style=\"flex-basis:33.33%\">\n<h3 class=\"has-text-color wp-block-heading\" style=\"color:#f56e47\">Chega de HPPDs<\/h3>\n\n\n\n<p>O custo da m\u00e3o-de-obra hospitalar s\u00f3 pode ser controlado atrav\u00e9s da reforma de 5 d\u00e9cadas de planeamento financeiro e benchmarking da for\u00e7a de trabalho mal sucedido, impulsionado por horas de cuidados. Um \u00fanico paciente \u00e9 a diferen\u00e7a entre o desempenho de um quartil superior e de um quartil inferior. As opera\u00e7\u00f5es cl\u00ednicas devem ser conduzidas por tarefas completas dos pacientes.<\/p>\n<\/div>\n\n\n\n<div class=\"wp-block-column is-vertically-aligned-center is-layout-flow wp-block-column-is-layout-flow\" style=\"flex-basis:66.66%\">\n<figure class=\"wp-block-embed is-type-video is-provider-vimeo wp-block-embed-vimeo wp-embed-aspect-16-9 wp-has-aspect-ratio\"><div class=\"wp-block-embed__wrapper\">\n<iframe loading=\"lazy\" src=\"https:\/\/player.vimeo.com\/video\/243021085?h=ebfec6077c&amp;dnt=1&amp;app_id=122963\" width=\"800\" height=\"450\" frameborder=\"0\" allow=\"autoplay; fullscreen; picture-in-picture\" allowfullscreen><\/iframe>\n<\/div><\/figure>\n<\/div>\n<\/div>\n\n<div style=\"height:30px\" aria-hidden=\"true\" class=\"wp-block-spacer\"><\/div>\n\n<div class=\"wp-block-columns is-layout-flex wp-container-core-columns-is-layout-9d6595d7 wp-block-columns-is-layout-flex\">\n<div class=\"wp-block-column is-vertically-aligned-center is-layout-flow wp-block-column-is-layout-flow\" style=\"flex-basis:66.66%\">\n<figure class=\"wp-block-embed is-type-video is-provider-vimeo wp-block-embed-vimeo wp-embed-aspect-16-9 wp-has-aspect-ratio\"><div class=\"wp-block-embed__wrapper\">\n<iframe loading=\"lazy\" src=\"https:\/\/player.vimeo.com\/video\/258990547?h=5893e95ffa&amp;dnt=1&amp;app_id=122963\" width=\"800\" height=\"450\" frameborder=\"0\" allow=\"autoplay; fullscreen; picture-in-picture\" allowfullscreen><\/iframe>\n<\/div><\/figure>\n<\/div>\n\n\n\n<div class=\"wp-block-column is-layout-flow wp-block-column-is-layout-flow\" style=\"flex-basis:33.33%\">\n<h3 class=\"has-text-color wp-block-heading\" style=\"color:#f56e47\">Planeamento e Programa\u00e7\u00e3o para o Esperado<\/h3>\n\n\n\n<p>O pessoal \u00e9 uma crise di\u00e1ria? A contrata\u00e7\u00e3o de pessoal \u00e9 mais do que uma simples marca\u00e7\u00e3o. Descobrir o que \u00e9 necess\u00e1rio atrav\u00e9s de or\u00e7amentos, pessoal e planos de conting\u00eancia para assegurar a optimiza\u00e7\u00e3o do pessoal todos os dias.<\/p>\n<\/div>\n<\/div>\n\n<div style=\"height:30px\" aria-hidden=\"true\" class=\"wp-block-spacer\"><\/div>\n\n<div class=\"wp-block-columns has-background is-layout-flex wp-container-core-columns-is-layout-9d6595d7 wp-block-columns-is-layout-flex\" style=\"background-color:#f8f9f9\">\n<div class=\"wp-block-column is-layout-flow wp-block-column-is-layout-flow\" style=\"flex-basis:33.33%\">\n<h3 class=\"has-text-color wp-block-heading\" style=\"color:#f56e47\">Paga aos Sitters Hardwire no seu or\u00e7amento?<\/h3>\n\n\n\n<p>O seu hospital est\u00e1 a utilizar horas de internamento excessivas para satisfazer necessidades n\u00e3o planeadas dos pacientes? A utiliza\u00e7\u00e3o de uma pessoa n\u00e3o planeada para monitorizar um paciente perturba normalmente o pessoal da unidade. Descobrir como antecipar e assegurar o pessoal com base em cargas de trabalho modificadas.<\/p>\n<\/div>\n\n\n\n<div class=\"wp-block-column is-vertically-aligned-center is-layout-flow wp-block-column-is-layout-flow\" style=\"flex-basis:66.66%\">\n<figure class=\"wp-block-embed is-type-video is-provider-vimeo wp-block-embed-vimeo wp-embed-aspect-16-9 wp-has-aspect-ratio\"><div class=\"wp-block-embed__wrapper\">\n<iframe loading=\"lazy\" src=\"https:\/\/player.vimeo.com\/video\/262291292?h=615864ebc5&amp;dnt=1&amp;app_id=122963\" width=\"800\" height=\"450\" frameborder=\"0\" allow=\"autoplay; fullscreen; picture-in-picture\" allowfullscreen><\/iframe>\n<\/div><\/figure>\n<\/div>\n<\/div>\n\n<div style=\"height:30px\" aria-hidden=\"true\" class=\"wp-block-spacer\"><\/div>\n\n<div class=\"wp-block-columns is-layout-flex wp-container-core-columns-is-layout-9d6595d7 wp-block-columns-is-layout-flex\">\n<div class=\"wp-block-column is-vertically-aligned-center is-layout-flow wp-block-column-is-layout-flow\" style=\"flex-basis:66.66%\">\n<figure class=\"wp-block-embed is-type-video is-provider-vimeo wp-block-embed-vimeo wp-embed-aspect-16-9 wp-has-aspect-ratio\"><div class=\"wp-block-embed__wrapper\">\n<iframe loading=\"lazy\" src=\"https:\/\/player.vimeo.com\/video\/266401305?h=2f06e4d762&amp;dnt=1&amp;app_id=122963\" width=\"800\" height=\"450\" frameborder=\"0\" allow=\"autoplay; fullscreen; picture-in-picture\" allowfullscreen><\/iframe>\n<\/div><\/figure>\n<\/div>\n\n\n\n<div class=\"wp-block-column is-layout-flow wp-block-column-is-layout-flow\" style=\"flex-basis:33.33%\">\n<h3 class=\"has-text-color wp-block-heading\" style=\"color:#f56e47\">Benchmarking a n\u00edvel executivo<\/h3>\n\n\n\n<p>Existem muitos instrumentos de avalia\u00e7\u00e3o comparativa nos cuidados de sa\u00fade, mas o que \u00e9 que eles realmente lhe dizem? H\u00e1 cinco m\u00e9tricas que um executivo necessita para tomar decis\u00f5es operacionais e financeiras eficazes.<\/p>\n<\/div>\n<\/div>\n\n<div style=\"height:30px\" aria-hidden=\"true\" class=\"wp-block-spacer\"><\/div>\n\n<div class=\"wp-block-columns has-background is-layout-flex wp-container-core-columns-is-layout-9d6595d7 wp-block-columns-is-layout-flex\" style=\"background-color:#f8f9f9\">\n<div class=\"wp-block-column is-layout-flow wp-block-column-is-layout-flow\" style=\"flex-basis:33.33%\">\n<h3 class=\"has-text-color wp-block-heading\" style=\"color:#f56e47\">L&amp;D Data Critical to Workforce Planning (Dados Cr\u00edticos para o Planeamento da For\u00e7a de Trabalho)<\/h3>\n\n\n\n<p>O n\u00famero de partos por ano continua a orientar os planos de pessoal na sua divis\u00e3o de crian\u00e7as maternas? O controlo detalhado da acuidade permite um planeamento da for\u00e7a de trabalho que \u00e9 impulsionado pela complexidade dos cuidados. Pode ser constru\u00eddo um plano de pessoal para apoiar as necessidades centrais de pessoal e de conting\u00eancia necess\u00e1rias.<\/p>\n<\/div>\n\n\n\n<div class=\"wp-block-column is-vertically-aligned-center is-layout-flow wp-block-column-is-layout-flow\" style=\"flex-basis:66.66%\">\n<figure class=\"wp-block-embed is-type-video is-provider-vimeo wp-block-embed-vimeo wp-embed-aspect-16-9 wp-has-aspect-ratio\"><div class=\"wp-block-embed__wrapper\">\n<iframe loading=\"lazy\" src=\"https:\/\/player.vimeo.com\/video\/272627479?h=a9671c948f&amp;dnt=1&amp;app_id=122963\" width=\"800\" height=\"450\" frameborder=\"0\" allow=\"autoplay; fullscreen; picture-in-picture\" allowfullscreen><\/iframe>\n<\/div><\/figure>\n<\/div>\n<\/div>\n\n<div style=\"height:30px\" aria-hidden=\"true\" class=\"wp-block-spacer\"><\/div>\n\n<div class=\"wp-block-columns is-layout-flex wp-container-core-columns-is-layout-9d6595d7 wp-block-columns-is-layout-flex\">\n<div class=\"wp-block-column is-vertically-aligned-center is-layout-flow wp-block-column-is-layout-flow\" style=\"flex-basis:66.66%\">\n<figure class=\"wp-block-embed is-type-video is-provider-vimeo wp-block-embed-vimeo wp-embed-aspect-16-9 wp-has-aspect-ratio\"><div class=\"wp-block-embed__wrapper\">\n<iframe loading=\"lazy\" src=\"https:\/\/player.vimeo.com\/video\/277307558?h=dd624a8b7c&amp;dnt=1&amp;app_id=122963\" width=\"800\" height=\"450\" frameborder=\"0\" allow=\"autoplay; fullscreen; picture-in-picture\" allowfullscreen><\/iframe>\n<\/div><\/figure>\n<\/div>\n\n\n\n<div class=\"wp-block-column is-layout-flow wp-block-column-is-layout-flow\" style=\"flex-basis:33.33%\">\n<h3 class=\"has-text-color wp-block-heading\" style=\"color:#f56e47\">Melhorar o rendimento com Gest\u00e3o de Servi\u00e7os Ambientais<\/h3>\n\n\n\n<p>A sua organiza\u00e7\u00e3o est\u00e1 a sofrer atrasos na coloca\u00e7\u00e3o de doentes devido a um departamento de servi\u00e7os ambientais (SVE) sobrecarregado? Aprender a identificar os padr\u00f5es de ADT do paciente e as opera\u00e7\u00f5es do SVE ao longo do dia, a fim de alinhar o pessoal do SVE com as exig\u00eancias de rota\u00e7\u00e3o de salas.<\/p>\n<\/div>\n<\/div>\n","protected":false},"excerpt":{"rendered":"<p>Percorra para ver os nossos webinars educativos previamente registados! Or\u00e7amenta\u00e7\u00e3o: Retirar HPPDs e ADC da Equa\u00e7\u00e3o O seu hospital ainda est\u00e1 a afectar recursos de m\u00e3o-de-obra com base em pressupostos &#8230;<\/p>\n","protected":false},"author":1,"featured_media":0,"parent":0,"menu_order":0,"comment_status":"closed","ping_status":"closed","template":"","meta":{"footnotes":""},"class_list":["post-13980","page","type-page","status-publish","hentry"],"_links":{"self":[{"href":"https:\/\/www.nashgroup.com\/pt-br\/wp-json\/wp\/v2\/pages\/13980","targetHints":{"allow":["GET"]}}],"collection":[{"href":"https:\/\/www.nashgroup.com\/pt-br\/wp-json\/wp\/v2\/pages"}],"about":[{"href":"https:\/\/www.nashgroup.com\/pt-br\/wp-json\/wp\/v2\/types\/page"}],"author":[{"embeddable":true,"href":"https:\/\/www.nashgroup.com\/pt-br\/wp-json\/wp\/v2\/users\/1"}],"replies":[{"embeddable":true,"href":"https:\/\/www.nashgroup.com\/pt-br\/wp-json\/wp\/v2\/comments?post=13980"}],"version-history":[{"count":1,"href":"https:\/\/www.nashgroup.com\/pt-br\/wp-json\/wp\/v2\/pages\/13980\/revisions"}],"predecessor-version":[{"id":13981,"href":"https:\/\/www.nashgroup.com\/pt-br\/wp-json\/wp\/v2\/pages\/13980\/revisions\/13981"}],"wp:attachment":[{"href":"https:\/\/www.nashgroup.com\/pt-br\/wp-json\/wp\/v2\/media?parent=13980"}],"curies":[{"name":"wp","href":"https:\/\/api.w.org\/{rel}","templated":true}]}}